{"id":118,"date":"2015-05-22T09:51:03","date_gmt":"2015-05-22T08:51:03","guid":{"rendered":"https:\/\/www.groupes.virees-du-sancy.com\/?page_id=118"},"modified":"2024-11-13T14:34:23","modified_gmt":"2024-11-13T13:34:23","slug":"lire-la-suite-virees-villes-et-villages","status":"publish","type":"page","link":"https:\/\/groupes.virees-du-sancy.com\/fr\/lire-la-suite-virees-villes-et-villages\/","title":{"rendered":"Lire la suite Vir\u00e9es en villes et en villages"},"content":{"rendered":"<h3><span style=\"color: #ff6600\">D\u00e9couvrez le patrimoine des communes du massif du Sancy : la charmante cit\u00e9 m\u00e9di\u00e9vale et Renaissance de Besse, les villes thermales du Mont-Dore et de la Bourboule, et bien d&rsquo;autres encore&#8230;<\/span><\/h3>\n<h4><span style=\"color: #993366\">Un large choix de visites :<\/span><\/h4>\n<ul>\n<li><a href=\"https:\/\/virees-du-sancy.com\/fr\/la-viree-des-pierres-qui-parlent\/\"><span style=\"color: #993366\">La Vir\u00e9e des pierres qui parlent \u00e0 Besse<\/span><\/a><\/li>\n<li><a href=\"https:\/\/virees-du-sancy.com\/fr\/la-viree-bains-et-potins\/\"><span style=\"color: #993366\">La Vir\u00e9e Bains et Potins au Mont-Dore<\/span><\/a><\/li>\n<li><a href=\"https:\/\/virees-du-sancy.com\/fr\/la-viree-burlesque-a-la-bourboule\/\"><span style=\"color: #993366\">La Vir\u00e9e Burlesque \u00e0 La Bourboule<\/span><\/a><\/li>\n<li><a href=\"https:\/\/virees-du-sancy.com\/fr\/la-viree-au-village-murat-le-quaire\/\"><span style=\"color: #993366\">La Vir\u00e9e au Village \u00e0 Murat-le-Quaire<\/span><\/a><\/li>\n<li><a href=\"https:\/\/virees-du-sancy.com\/fr\/viree-pelerin-gourmand-a-orcival\/\"><span style=\"color: #993366\">La Vir\u00e9e du p\u00e8lerin gourmand \u00e0 Orcival<\/span><\/a><\/li>\n<\/ul>\n<h4><span style=\"color: #000000\"> <a href=\"https:\/\/groupes.virees-du-sancy.com\/wp-content\/uploads\/sites\/3\/2019\/01\/Vir--es-1.jpg\"><img loading=\"lazy\" decoding=\"async\" class=\"alignnone  wp-image-759\" src=\"https:\/\/groupes.virees-du-sancy.com\/wp-content\/uploads\/sites\/3\/2019\/01\/Vir--es-1-1024x754.jpg\" alt=\"\" width=\"643\" height=\"473\" srcset=\"https:\/\/groupes.virees-du-sancy.com\/wp-content\/uploads\/sites\/3\/2019\/01\/Vir--es-1-1024x754.jpg 1024w, https:\/\/groupes.virees-du-sancy.com\/wp-content\/uploads\/sites\/3\/2019\/01\/Vir--es-1-300x221.jpg 300w, https:\/\/groupes.virees-du-sancy.com\/wp-content\/uploads\/sites\/3\/2019\/01\/Vir--es-1-768x565.jpg 768w\" sizes=\"auto, (max-width: 643px) 100vw, 643px\" \/><\/a><\/span><\/h4>\n<div id=\"carousel-709\" class=\"carousel slide\" data-ride=\"carousel\">\r\n\t<ol class=\"carousel-indicators\"><\/ol><div class=\"carousel-inner\" role=\"listbox\">  <div class=\"item active post-760\">\r\n\t\t                        <a href=\"https:\/\/www.groupes.virees-du-sancy.com\/wp-content\/uploads\/sites\/3\/2019\/01\/Vir--es-2.jpg\">\r\n\t\t                            <img decoding=\"async\" alt=\"\" src=\"https:\/\/www.groupes.virees-du-sancy.com\/wp-content\/uploads\/sites\/3\/2019\/01\/clc_picture_760_1400_.jpg\">\r\n\t\t                            <div class=\"carousel-caption\">La Vir\u00e9e Bains et Potins au Mont-Dore, avec Oscar<\/div>\r\n\t\t                        <\/a>\r\n\t\t                    <\/div>  <div class=\"item post-185\">\r\n\t\t                        <a href=\"https:\/\/www.groupes.virees-du-sancy.com\/wp-content\/uploads\/sites\/3\/2015\/05\/Copie-de-PP-avec-enfants-003.jpg\">\r\n\t\t                            <img decoding=\"async\" alt=\"\" src=\"https:\/\/www.groupes.virees-du-sancy.com\/wp-content\/uploads\/sites\/3\/2015\/05\/clc_picture_185_1400_.jpg\">\r\n\t\t                            <div class=\"carousel-caption\">La Vir\u00e9e des Pierres qui parlent \u00e0 Besse<\/div>\r\n\t\t                        <\/a>\r\n\t\t                    <\/div>  <div class=\"item post-1088\">\r\n\t\t                        <a href=\"https:\/\/groupes.virees-du-sancy.com\/wp-content\/uploads\/sites\/3\/2015\/04\/JG4A1948-R.jpg\">\r\n\t\t                            <img decoding=\"async\" alt=\"\" src=\"https:\/\/groupes.virees-du-sancy.com\/wp-content\/uploads\/sites\/3\/2015\/04\/clc_picture_1088_1400_.jpg\">\r\n\t\t                            <div class=\"carousel-caption\">La-Vir\u00e9e-Bains-et-potins-au-Mont-Dore-avec-Jos\u00e9phine<\/div>\r\n\t\t                        <\/a>\r\n\t\t                    <\/div>  <div class=\"item post-1211\">\r\n\t\t                        <a href=\"https:\/\/groupes.virees-du-sancy.com\/wp-content\/uploads\/sites\/3\/2022\/11\/La-Viree-au-village.jpg\">\r\n\t\t                            <img decoding=\"async\" alt=\"\" src=\"https:\/\/groupes.virees-du-sancy.com\/wp-content\/uploads\/sites\/3\/2022\/11\/clc_picture_1211_1400_.jpg\">\r\n\t\t                            <div class=\"carousel-caption\">La Vir\u00e9e au village<\/div>\r\n\t\t                        <\/a>\r\n\t\t                    <\/div>  <div class=\"item post-\">\r\n\t\t                        <a href=\"https:\/\/groupes.virees-du-sancy.com\/wp-content\/uploads\/sites\/3\/2020\/07\/JG4A5341-R.jpg\">\r\n\t\t                            <img decoding=\"async\" alt=\"\" src=\"http:\/\/medias.dessineleweb.fr\/timthumb.php?w=1400&h=&src=https:\/\/groupes.virees-du-sancy.com\/wp-content\/uploads\/sites\/3\/2020\/07\/JG4A5341-R.jpg\">\r\n\t\t                            <div class=\"carousel-caption\"><\/div>\r\n\t\t                        <\/a>\r\n\t\t                    <\/div>\r\n\t  <a class=\"left carousel-control\" href=\"#carousel-709\" role=\"button\" data-slide=\"prev\">\r\n\t    <span class=\"glyphicon glyphicon-chevron-left\" aria-hidden=\"true\"><\/span>\r\n\t\t    \t\t<span class=\"sr-only\">Pr\u00e9c\u00e9dent<\/span>\r\n\t  <\/a>\r\n\t  <a class=\"right carousel-control\" href=\"#carousel-709\" role=\"button\" data-slide=\"next\">\r\n\t    <span class=\"glyphicon glyphicon-chevron-right\" aria-hidden=\"true\"><\/span>\r\n\t\t    <span class=\"sr-only\">Suivant<\/span>\r\n\t\t  <\/a>\r\n\t\t<\/div>\n","protected":false},"excerpt":{"rendered":"<p>D\u00e9couvrez le patrimoine des communes du massif du Sancy : la charmante cit\u00e9 m\u00e9di\u00e9vale et Renaissance de Besse, les villes thermales du Mont-Dore et de la Bourboule, et bien d&rsquo;autres encore&#8230; Un large choix de visites : La Vir\u00e9e des pierres qui parlent \u00e0 Besse La Vir\u00e9e Bains et Potins au Mont-Dore La Vir\u00e9e Burlesque [&hellip;]<\/p>\n","protected":false},"author":3,"featured_media":0,"parent":0,"menu_order":0,"comment_status":"open","ping_status":"open","template":"","meta":{"_acf_changed":false,"footnotes":""},"class_list":["post-118","page","type-page","status-publish","hentry"],"acf":[],"yoast_head":"<!-- This site is optimized with the Yoast SEO plugin v27.5 - https:\/\/yoast.com\/product\/yoast-seo-wordpress\/ -->\n<title>Lire la suite Vir\u00e9es en villes et en villages - Vir\u00e9es du Sancy - Mus\u00e9e Toinette &amp; Julien - Visites en Groupe<\/title>\n<meta name=\"description\" content=\"Lire la suite sur les visites en groupes : d\u00e9couvrir le patrimoine des villes et villages du Sancy avec nos visites th\u00e9\u00e2tralis\u00e9es\" \/>\n<meta name=\"robots\" content=\"index, follow, max-snippet:-1, max-image-preview:large, max-video-preview:-1\" \/>\n<link rel=\"canonical\" href=\"https:\/\/groupes.virees-du-sancy.com\/fr\/lire-la-suite-virees-villes-et-villages\/\" \/>\n<meta property=\"og:locale\" content=\"fr_FR\" \/>\n<meta property=\"og:type\" content=\"article\" \/>\n<meta property=\"og:title\" content=\"Lire la suite Vir\u00e9es en villes et en villages - Vir\u00e9es du Sancy - Mus\u00e9e Toinette &amp; Julien - Visites en Groupe\" \/>\n<meta property=\"og:description\" content=\"Lire la suite sur les visites en groupes : d\u00e9couvrir le patrimoine des villes et villages du Sancy avec nos visites th\u00e9\u00e2tralis\u00e9es\" \/>\n<meta property=\"og:url\" content=\"https:\/\/groupes.virees-du-sancy.com\/fr\/lire-la-suite-virees-villes-et-villages\/\" \/>\n<meta property=\"og:site_name\" content=\"Vir\u00e9es du Sancy - Mus\u00e9e Toinette &amp; Julien - Visites en Groupe\" \/>\n<meta property=\"article:modified_time\" content=\"2024-11-13T13:34:23+00:00\" \/>\n<meta property=\"og:image\" content=\"https:\/\/groupes.virees-du-sancy.com\/wp-content\/uploads\/sites\/3\/2019\/01\/Vir--es-1-1024x754.jpg\" \/>\n<meta name=\"twitter:card\" content=\"summary_large_image\" \/>\n<meta name=\"twitter:label1\" content=\"Dur\u00e9e de lecture estim\u00e9e\" \/>\n\t<meta name=\"twitter:data1\" content=\"1 minute\" \/>\n<script type=\"application\/ld+json\" class=\"yoast-schema-graph\">{\"@context\":\"https:\\\/\\\/schema.org\",\"@graph\":[{\"@type\":\"WebPage\",\"@id\":\"https:\\\/\\\/groupes.virees-du-sancy.com\\\/fr\\\/lire-la-suite-virees-villes-et-villages\\\/\",\"url\":\"https:\\\/\\\/groupes.virees-du-sancy.com\\\/fr\\\/lire-la-suite-virees-villes-et-villages\\\/\",\"name\":\"Lire la suite Vir\u00e9es en villes et en villages - Vir\u00e9es du Sancy - Mus\u00e9e Toinette &amp; Julien - Visites en Groupe\",\"isPartOf\":{\"@id\":\"https:\\\/\\\/groupes.virees-du-sancy.com\\\/fr\\\/#website\"},\"primaryImageOfPage\":{\"@id\":\"https:\\\/\\\/groupes.virees-du-sancy.com\\\/fr\\\/lire-la-suite-virees-villes-et-villages\\\/#primaryimage\"},\"image\":{\"@id\":\"https:\\\/\\\/groupes.virees-du-sancy.com\\\/fr\\\/lire-la-suite-virees-villes-et-villages\\\/#primaryimage\"},\"thumbnailUrl\":\"https:\\\/\\\/groupes.virees-du-sancy.com\\\/wp-content\\\/uploads\\\/sites\\\/3\\\/2019\\\/01\\\/Vir--es-1-1024x754.jpg\",\"datePublished\":\"2015-05-22T08:51:03+00:00\",\"dateModified\":\"2024-11-13T13:34:23+00:00\",\"description\":\"Lire la suite sur les visites en groupes : d\u00e9couvrir le patrimoine des villes et villages du Sancy avec nos visites th\u00e9\u00e2tralis\u00e9es\",\"breadcrumb\":{\"@id\":\"https:\\\/\\\/groupes.virees-du-sancy.com\\\/fr\\\/lire-la-suite-virees-villes-et-villages\\\/#breadcrumb\"},\"inLanguage\":\"fr-FR\",\"potentialAction\":[{\"@type\":\"ReadAction\",\"target\":[\"https:\\\/\\\/groupes.virees-du-sancy.com\\\/fr\\\/lire-la-suite-virees-villes-et-villages\\\/\"]}]},{\"@type\":\"ImageObject\",\"inLanguage\":\"fr-FR\",\"@id\":\"https:\\\/\\\/groupes.virees-du-sancy.com\\\/fr\\\/lire-la-suite-virees-villes-et-villages\\\/#primaryimage\",\"url\":\"https:\\\/\\\/groupes.virees-du-sancy.com\\\/wp-content\\\/uploads\\\/sites\\\/3\\\/2019\\\/01\\\/Vir--es-1-1024x754.jpg\",\"contentUrl\":\"https:\\\/\\\/groupes.virees-du-sancy.com\\\/wp-content\\\/uploads\\\/sites\\\/3\\\/2019\\\/01\\\/Vir--es-1-1024x754.jpg\"},{\"@type\":\"BreadcrumbList\",\"@id\":\"https:\\\/\\\/groupes.virees-du-sancy.com\\\/fr\\\/lire-la-suite-virees-villes-et-villages\\\/#breadcrumb\",\"itemListElement\":[{\"@type\":\"ListItem\",\"position\":1,\"name\":\"Accueil\",\"item\":\"https:\\\/\\\/groupes.virees-du-sancy.com\\\/fr\\\/\"},{\"@type\":\"ListItem\",\"position\":2,\"name\":\"Lire la suite Vir\u00e9es en villes et en villages\"}]},{\"@type\":\"WebSite\",\"@id\":\"https:\\\/\\\/groupes.virees-du-sancy.com\\\/fr\\\/#website\",\"url\":\"https:\\\/\\\/groupes.virees-du-sancy.com\\\/fr\\\/\",\"name\":\"Vir\u00e9es du Sancy - Mus\u00e9e Toinette &amp; Julien - Visites en Groupe\",\"description\":\"Venez faire un voyage dans le temps ! Visites guid\u00e9es touristiques \u00e0 Murat-le-Quaire dans le Sancy en Auvergne\",\"potentialAction\":[{\"@type\":\"SearchAction\",\"target\":{\"@type\":\"EntryPoint\",\"urlTemplate\":\"https:\\\/\\\/groupes.virees-du-sancy.com\\\/fr\\\/?s={search_term_string}\"},\"query-input\":{\"@type\":\"PropertyValueSpecification\",\"valueRequired\":true,\"valueName\":\"search_term_string\"}}],\"inLanguage\":\"fr-FR\"}]}<\/script>\n<!-- \/ Yoast SEO plugin. -->","yoast_head_json":{"title":"Lire la suite Vir\u00e9es en villes et en villages - Vir\u00e9es du Sancy - Mus\u00e9e Toinette &amp; Julien - Visites en Groupe","description":"Lire la suite sur les visites en groupes : d\u00e9couvrir le patrimoine des villes et villages du Sancy avec nos visites th\u00e9\u00e2tralis\u00e9es","robots":{"index":"index","follow":"follow","max-snippet":"max-snippet:-1","max-image-preview":"max-image-preview:large","max-video-preview":"max-video-preview:-1"},"canonical":"https:\/\/groupes.virees-du-sancy.com\/fr\/lire-la-suite-virees-villes-et-villages\/","og_locale":"fr_FR","og_type":"article","og_title":"Lire la suite Vir\u00e9es en villes et en villages - Vir\u00e9es du Sancy - Mus\u00e9e Toinette &amp; Julien - Visites en Groupe","og_description":"Lire la suite sur les visites en groupes : d\u00e9couvrir le patrimoine des villes et villages du Sancy avec nos visites th\u00e9\u00e2tralis\u00e9es","og_url":"https:\/\/groupes.virees-du-sancy.com\/fr\/lire-la-suite-virees-villes-et-villages\/","og_site_name":"Vir\u00e9es du Sancy - Mus\u00e9e Toinette &amp; Julien - Visites en Groupe","article_modified_time":"2024-11-13T13:34:23+00:00","og_image":[{"url":"https:\/\/groupes.virees-du-sancy.com\/wp-content\/uploads\/sites\/3\/2019\/01\/Vir--es-1-1024x754.jpg","type":"","width":"","height":""}],"twitter_card":"summary_large_image","twitter_misc":{"Dur\u00e9e de lecture estim\u00e9e":"1 minute"},"schema":{"@context":"https:\/\/schema.org","@graph":[{"@type":"WebPage","@id":"https:\/\/groupes.virees-du-sancy.com\/fr\/lire-la-suite-virees-villes-et-villages\/","url":"https:\/\/groupes.virees-du-sancy.com\/fr\/lire-la-suite-virees-villes-et-villages\/","name":"Lire la suite Vir\u00e9es en villes et en villages - Vir\u00e9es du Sancy - Mus\u00e9e Toinette &amp; Julien - Visites en Groupe","isPartOf":{"@id":"https:\/\/groupes.virees-du-sancy.com\/fr\/#website"},"primaryImageOfPage":{"@id":"https:\/\/groupes.virees-du-sancy.com\/fr\/lire-la-suite-virees-villes-et-villages\/#primaryimage"},"image":{"@id":"https:\/\/groupes.virees-du-sancy.com\/fr\/lire-la-suite-virees-villes-et-villages\/#primaryimage"},"thumbnailUrl":"https:\/\/groupes.virees-du-sancy.com\/wp-content\/uploads\/sites\/3\/2019\/01\/Vir--es-1-1024x754.jpg","datePublished":"2015-05-22T08:51:03+00:00","dateModified":"2024-11-13T13:34:23+00:00","description":"Lire la suite sur les visites en groupes : d\u00e9couvrir le patrimoine des villes et villages du Sancy avec nos visites th\u00e9\u00e2tralis\u00e9es","breadcrumb":{"@id":"https:\/\/groupes.virees-du-sancy.com\/fr\/lire-la-suite-virees-villes-et-villages\/#breadcrumb"},"inLanguage":"fr-FR","potentialAction":[{"@type":"ReadAction","target":["https:\/\/groupes.virees-du-sancy.com\/fr\/lire-la-suite-virees-villes-et-villages\/"]}]},{"@type":"ImageObject","inLanguage":"fr-FR","@id":"https:\/\/groupes.virees-du-sancy.com\/fr\/lire-la-suite-virees-villes-et-villages\/#primaryimage","url":"https:\/\/groupes.virees-du-sancy.com\/wp-content\/uploads\/sites\/3\/2019\/01\/Vir--es-1-1024x754.jpg","contentUrl":"https:\/\/groupes.virees-du-sancy.com\/wp-content\/uploads\/sites\/3\/2019\/01\/Vir--es-1-1024x754.jpg"},{"@type":"BreadcrumbList","@id":"https:\/\/groupes.virees-du-sancy.com\/fr\/lire-la-suite-virees-villes-et-villages\/#breadcrumb","itemListElement":[{"@type":"ListItem","position":1,"name":"Accueil","item":"https:\/\/groupes.virees-du-sancy.com\/fr\/"},{"@type":"ListItem","position":2,"name":"Lire la suite Vir\u00e9es en villes et en villages"}]},{"@type":"WebSite","@id":"https:\/\/groupes.virees-du-sancy.com\/fr\/#website","url":"https:\/\/groupes.virees-du-sancy.com\/fr\/","name":"Vir\u00e9es du Sancy - Mus\u00e9e Toinette &amp; Julien - Visites en Groupe","description":"Venez faire un voyage dans le temps ! Visites guid\u00e9es touristiques \u00e0 Murat-le-Quaire dans le Sancy en Auvergne","potentialAction":[{"@type":"SearchAction","target":{"@type":"EntryPoint","urlTemplate":"https:\/\/groupes.virees-du-sancy.com\/fr\/?s={search_term_string}"},"query-input":{"@type":"PropertyValueSpecification","valueRequired":true,"valueName":"search_term_string"}}],"inLanguage":"fr-FR"}]}},"_links":{"self":[{"href":"https:\/\/groupes.virees-du-sancy.com\/fr\/wp-json\/wp\/v2\/pages\/118","targetHints":{"allow":["GET"]}}],"collection":[{"href":"https:\/\/groupes.virees-du-sancy.com\/fr\/wp-json\/wp\/v2\/pages"}],"about":[{"href":"https:\/\/groupes.virees-du-sancy.com\/fr\/wp-json\/wp\/v2\/types\/page"}],"author":[{"embeddable":true,"href":"https:\/\/groupes.virees-du-sancy.com\/fr\/wp-json\/wp\/v2\/users\/3"}],"replies":[{"embeddable":true,"href":"https:\/\/groupes.virees-du-sancy.com\/fr\/wp-json\/wp\/v2\/comments?post=118"}],"version-history":[{"count":41,"href":"https:\/\/groupes.virees-du-sancy.com\/fr\/wp-json\/wp\/v2\/pages\/118\/revisions"}],"predecessor-version":[{"id":1327,"href":"https:\/\/groupes.virees-du-sancy.com\/fr\/wp-json\/wp\/v2\/pages\/118\/revisions\/1327"}],"wp:attachment":[{"href":"https:\/\/groupes.virees-du-sancy.com\/fr\/wp-json\/wp\/v2\/media?parent=118"}],"curies":[{"name":"wp","href":"https:\/\/api.w.org\/{rel}","templated":true}]}}