{"id":28,"date":"2015-05-07T14:00:47","date_gmt":"2015-05-07T13:00:47","guid":{"rendered":"https:\/\/www.groupes.virees-du-sancy.com\/?page_id=28"},"modified":"2025-11-19T12:29:08","modified_gmt":"2025-11-19T11:29:08","slug":"visites-groupes-adultes","status":"publish","type":"page","link":"https:\/\/groupes.virees-du-sancy.com\/fr\/visites-groupes-adultes\/","title":{"rendered":"Adultes"},"content":{"rendered":"<h1><span style=\"color: #993366\">Visites groupes adultes<\/span><\/h1>\n<h2><span style=\"color: #993366\">Le Sc\u00e9nomus\u00e9e La Toinette et Julien<\/span><\/h2>\n<h3><span style=\"color: #ff6600\">Les visiteurs en parlent&#8230;<br \/>\n<\/span><\/h3>\n<ul>\n<li><span style=\"color: #993366\">\u00ab\u00a0Deux mises en sc\u00e8nes d&rsquo;excellente qualit\u00e9.\u00a0 Les supports vari\u00e9s, originaux&#8230; Les textes et les mots utilis\u00e9s ont fait vibrer mon c\u0153ur. Tr\u00e8s \u00e9mouvant. Merci pour ce partage aupr\u00e8s des enfants d&rsquo;aujourd&rsquo;hui.\u00a0\u00bb <strong>Club de la Haute-Vienne<\/strong><\/span><\/li>\n<li><span style=\"color: #993366\">\u00ab\u00a0Tout dans ce village respire le bonheur de vivre, la paix&#8230; Et la vie de Toinette nous ram\u00e8ne \u00e0 notre propre identit\u00e9 d&rsquo;enfants de la terre&#8230; Terre d&rsquo;autre r\u00e9gion et m\u00e9moire collective&#8230; Merci !\u00a0\u00bb <strong>Un groupe de bretons<\/strong><\/span><\/li>\n<\/ul>\n<p><a href=\"https:\/\/groupes.virees-du-sancy.com\/wp-content\/uploads\/sites\/3\/2022\/07\/MAISON-DE-LA-TOINETTE-maquette.jpg\"><img loading=\"lazy\" decoding=\"async\" class=\"alignnone wp-image-1011 size-medium\" src=\"https:\/\/groupes.virees-du-sancy.com\/wp-content\/uploads\/sites\/3\/2022\/07\/MAISON-DE-LA-TOINETTE-maquette-300x225.jpg\" alt=\"\" width=\"300\" height=\"225\" srcset=\"https:\/\/groupes.virees-du-sancy.com\/wp-content\/uploads\/sites\/3\/2022\/07\/MAISON-DE-LA-TOINETTE-maquette-300x225.jpg 300w, https:\/\/groupes.virees-du-sancy.com\/wp-content\/uploads\/sites\/3\/2022\/07\/MAISON-DE-LA-TOINETTE-maquette-768x576.jpg 768w, https:\/\/groupes.virees-du-sancy.com\/wp-content\/uploads\/sites\/3\/2022\/07\/MAISON-DE-LA-TOINETTE-maquette.jpg 1000w\" sizes=\"auto, (max-width: 300px) 100vw, 300px\" \/><\/a><\/p>\n<p><a href=\"https:\/\/groupes.virees-du-sancy.com\/wp-content\/uploads\/sites\/3\/2022\/07\/salle-commune-Toinette-avec-logo.jpg\"><img loading=\"lazy\" decoding=\"async\" class=\"alignnone wp-image-1012 size-medium\" src=\"https:\/\/groupes.virees-du-sancy.com\/wp-content\/uploads\/sites\/3\/2022\/07\/salle-commune-Toinette-avec-logo-300x169.jpg\" alt=\"\" width=\"300\" height=\"169\" srcset=\"https:\/\/groupes.virees-du-sancy.com\/wp-content\/uploads\/sites\/3\/2022\/07\/salle-commune-Toinette-avec-logo-300x169.jpg 300w, https:\/\/groupes.virees-du-sancy.com\/wp-content\/uploads\/sites\/3\/2022\/07\/salle-commune-Toinette-avec-logo-1024x576.jpg 1024w, https:\/\/groupes.virees-du-sancy.com\/wp-content\/uploads\/sites\/3\/2022\/07\/salle-commune-Toinette-avec-logo-768x432.jpg 768w, https:\/\/groupes.virees-du-sancy.com\/wp-content\/uploads\/sites\/3\/2022\/07\/salle-commune-Toinette-avec-logo-1536x864.jpg 1536w, https:\/\/groupes.virees-du-sancy.com\/wp-content\/uploads\/sites\/3\/2022\/07\/salle-commune-Toinette-avec-logo.jpg 1920w\" sizes=\"auto, (max-width: 300px) 100vw, 300px\" \/><\/a><\/p>\n<p><span style=\"color: #99cc00\"><strong><a style=\"color: #99cc00\" href=\"https:\/\/groupes.virees-du-sancy.com\/fr\/lire-la-suite-scenomusee-toinette-et-julien\/\" target=\"_blank\" rel=\"noopener noreferrer\">Lire la suite<\/a><\/strong><\/span><\/p>\n<h2><span style=\"color: #993366\">Les Vir\u00e9es du Sancy<sup>\u00ae<\/sup><\/span><\/h2>\n<p><span style=\"color: #008080\"><span style=\"color: #ff6600\"><strong>Des Vir\u00e9es en ville et en villages&#8230;<\/strong><\/span><br \/>\n<\/span><\/p>\n<p><span style=\"color: #993366\">Envie de d\u00e9couvrir les villes et villages du Sancy ?<\/span><\/p>\n<p><span style=\"color: #993366\">Bien loin des visites guid\u00e9es classiques, les Vir\u00e9es sont de v\u00e9ritables aventures th\u00e9\u00e2trales, anim\u00e9es par un guide-acteur.<\/span><\/p>\n<p><span style=\"color: #993366\">Ce sont des visites touristiques uniques en leur genre : des visites guid\u00e9es th\u00e9\u00e2tralis\u00e9es conduites par des\u00a0<strong>Guides-Acteurs professionnels<\/strong>, qui transforment l\u2019aventure patrimoniale pour la rendre\u00a0<strong>originale, ludique et pleine d\u2019humour<\/strong> ! <\/span><span style=\"color: #993366\">Tout leur talent est \u00e0 votre disposition pour vous instruire, vous amuser et vous surprendre. <\/span><span style=\"color: #993366\">Quelque peu impertinents, ils vous embarquent pour l\u2019aventure, \u00e0 la\u00a0<strong>d\u00e9couverte du patrimoine exceptionnel du Massif du Sancy<\/strong>, au c\u0153ur de l\u2019Auvergne, ses villes, ses hommes, ses richesses naturelles et culturelles.<\/span><\/p>\n<p><span style=\"color: #99cc00\"><strong><a style=\"color: #99cc00\" href=\"https:\/\/www.groupes.virees-du-sancy.com\/fr\/lire-la-suite-virees-villes-et-villages\/\" target=\"_blank\" rel=\"noopener noreferrer\">Lire la suite<\/a><\/strong><\/span><\/p>\n<p><span style=\"color: #993366\">Visites possibles tous les jours de l&rsquo;ann\u00e9e, sur r\u00e9servation.<\/span><\/p>\n<p><a href=\"https:\/\/groupes.virees-du-sancy.com\/wp-content\/uploads\/sites\/3\/2019\/01\/Vir--es-1.jpg\"><img loading=\"lazy\" decoding=\"async\" class=\"alignnone  wp-image-759\" src=\"https:\/\/groupes.virees-du-sancy.com\/wp-content\/uploads\/sites\/3\/2019\/01\/Vir--es-1-1024x754.jpg\" alt=\"\" width=\"458\" height=\"338\" srcset=\"https:\/\/groupes.virees-du-sancy.com\/wp-content\/uploads\/sites\/3\/2019\/01\/Vir--es-1-1024x754.jpg 1024w, https:\/\/groupes.virees-du-sancy.com\/wp-content\/uploads\/sites\/3\/2019\/01\/Vir--es-1-300x221.jpg 300w, https:\/\/groupes.virees-du-sancy.com\/wp-content\/uploads\/sites\/3\/2019\/01\/Vir--es-1-768x565.jpg 768w\" sizes=\"auto, (max-width: 458px) 100vw, 458px\" \/><\/a><\/p>\n<p><span style=\"color: #99cc00\"><a style=\"color: #99cc00\" href=\"https:\/\/virees-du-sancy.com\/fr\/la-viree-des-pierres-qui-parlent\/\"><strong>La Vir\u00e9e des pierres qui parlent \u00e0 Besse<\/strong><\/a><\/span><\/p>\n<h3><span style=\"color: #ff6600\">Toutes les infos dans la brochure groupes 2026<\/span><\/h3>\n<p><a href=\"https:\/\/groupes.virees-du-sancy.com\/wp-content\/uploads\/sites\/3\/2025\/11\/BROCHURE-GROUPES-2026.pdf\"><img loading=\"lazy\" decoding=\"async\" class=\"alignnone  wp-image-1451\" src=\"https:\/\/groupes.virees-du-sancy.com\/wp-content\/uploads\/sites\/3\/2025\/11\/COUV-2026_page-0001-1-212x300.jpg\" alt=\"\" width=\"243\" height=\"344\" srcset=\"https:\/\/groupes.virees-du-sancy.com\/wp-content\/uploads\/sites\/3\/2025\/11\/COUV-2026_page-0001-1-212x300.jpg 212w, https:\/\/groupes.virees-du-sancy.com\/wp-content\/uploads\/sites\/3\/2025\/11\/COUV-2026_page-0001-1-724x1024.jpg 724w, https:\/\/groupes.virees-du-sancy.com\/wp-content\/uploads\/sites\/3\/2025\/11\/COUV-2026_page-0001-1-768x1087.jpg 768w, https:\/\/groupes.virees-du-sancy.com\/wp-content\/uploads\/sites\/3\/2025\/11\/COUV-2026_page-0001-1-1085x1536.jpg 1085w, https:\/\/groupes.virees-du-sancy.com\/wp-content\/uploads\/sites\/3\/2025\/11\/COUV-2026_page-0001-1.jpg 1240w\" sizes=\"auto, (max-width: 243px) 100vw, 243px\" \/><\/a><\/p>\n<p><a href=\"https:\/\/groupes.virees-du-sancy.com\/wp-content\/uploads\/sites\/3\/2025\/11\/BROCHURE-GROUPES-2026.pdf\"><button class=\"btn btn-primary\">Lire la brochure groupes 2026<\/button><\/a><\/p>\n<p><a href=\"https:\/\/www.calameo.com\/read\/007140780b3e4a28e2e11\"><button class=\"btn btn-primary\">Lire sur Calam\u00e9o<\/button><\/a><\/p>\n<div id=\"carousel-756\" class=\"carousel slide\" data-ride=\"carousel\">\r\n\t<ol class=\"carousel-indicators\"><\/ol><div class=\"carousel-inner\" role=\"listbox\">  <div class=\"item active post-1287\">\r\n\t\t                        <a href=\"https:\/\/groupes.virees-du-sancy.com\/wp-content\/uploads\/sites\/3\/2015\/04\/JG4A5389-R.jpg\">\r\n\t\t                            <img decoding=\"async\" alt=\"\" src=\"https:\/\/groupes.virees-du-sancy.com\/wp-content\/uploads\/sites\/3\/2015\/04\/clc_picture_1287_1400_.jpg\">\r\n\t\t                            <div class=\"carousel-caption\">La-Vir\u00e9e-\u00e0-Orcival-en-groupe<\/div>\r\n\t\t                        <\/a>\r\n\t\t                    <\/div>  <div class=\"item post-1088\">\r\n\t\t                        <a href=\"https:\/\/groupes.virees-du-sancy.com\/wp-content\/uploads\/sites\/3\/2015\/04\/JG4A1948-R.jpg\">\r\n\t\t                            <img decoding=\"async\" alt=\"\" src=\"https:\/\/groupes.virees-du-sancy.com\/wp-content\/uploads\/sites\/3\/2015\/04\/clc_picture_1088_1400_.jpg\">\r\n\t\t                            <div class=\"carousel-caption\">La-Vir\u00e9e-Bains-et-potins-au-Mont-Dore-avec-Jos\u00e9phine<\/div>\r\n\t\t                        <\/a>\r\n\t\t                    <\/div>  <div class=\"item post-\">\r\n\t\t                        <a href=\"https:\/\/groupes.virees-du-sancy.com\/wp-content\/uploads\/sites\/3\/2019\/01\/Vir--es-1.jpg\">\r\n\t\t                            <img decoding=\"async\" alt=\"\" src=\"http:\/\/medias.dessineleweb.fr\/timthumb.php?w=1400&h=&src=https:\/\/groupes.virees-du-sancy.com\/wp-content\/uploads\/sites\/3\/2019\/01\/Vir--es-1.jpg\">\r\n\t\t                            <div class=\"carousel-caption\"><\/div>\r\n\t\t                        <\/a>\r\n\t\t                    <\/div>  <div class=\"item post-\">\r\n\t\t                        <a href=\"https:\/\/groupes.virees-du-sancy.com\/wp-content\/uploads\/sites\/3\/2015\/05\/la-marissou-2.jpg\">\r\n\t\t                            <img decoding=\"async\" alt=\"\" src=\"http:\/\/medias.dessineleweb.fr\/timthumb.php?w=1400&h=&src=https:\/\/groupes.virees-du-sancy.com\/wp-content\/uploads\/sites\/3\/2015\/05\/la-marissou-2.jpg\">\r\n\t\t                            <div class=\"carousel-caption\"><\/div>\r\n\t\t                        <\/a>\r\n\t\t                    <\/div>  <div class=\"item post-1011\">\r\n\t\t                        <a href=\"https:\/\/groupes.virees-du-sancy.com\/wp-content\/uploads\/sites\/3\/2022\/07\/MAISON-DE-LA-TOINETTE-maquette.jpg\">\r\n\t\t                            <img decoding=\"async\" alt=\"\" src=\"https:\/\/groupes.virees-du-sancy.com\/wp-content\/uploads\/sites\/3\/2022\/07\/clc_picture_1011_1400_.jpg\">\r\n\t\t                            <div class=\"carousel-caption\">Visite-Toinette-en-groupe<\/div>\r\n\t\t                        <\/a>\r\n\t\t                    <\/div>\r\n\t  <a class=\"left carousel-control\" href=\"#carousel-756\" role=\"button\" data-slide=\"prev\">\r\n\t    <span class=\"glyphicon glyphicon-chevron-left\" aria-hidden=\"true\"><\/span>\r\n\t\t    \t\t<span class=\"sr-only\">Pr\u00e9c\u00e9dent<\/span>\r\n\t  <\/a>\r\n\t  <a class=\"right carousel-control\" href=\"#carousel-756\" role=\"button\" data-slide=\"next\">\r\n\t    <span class=\"glyphicon glyphicon-chevron-right\" aria-hidden=\"true\"><\/span>\r\n\t\t    <span class=\"sr-only\">Suivant<\/span>\r\n\t\t  <\/a>\r\n\t\t<\/div>\n","protected":false},"excerpt":{"rendered":"<p>Visites groupes adultes Le Sc\u00e9nomus\u00e9e La Toinette et Julien Les visiteurs en parlent&#8230; \u00ab\u00a0Deux mises en sc\u00e8nes d&rsquo;excellente qualit\u00e9.\u00a0 Les supports vari\u00e9s, originaux&#8230; Les textes et les mots utilis\u00e9s ont fait vibrer mon c\u0153ur. Tr\u00e8s \u00e9mouvant. Merci pour ce partage aupr\u00e8s des enfants d&rsquo;aujourd&rsquo;hui.\u00a0\u00bb Club de la Haute-Vienne \u00ab\u00a0Tout dans ce village respire le bonheur [&hellip;]<\/p>\n","protected":false},"author":3,"featured_media":0,"parent":0,"menu_order":0,"comment_status":"open","ping_status":"closed","template":"","meta":{"_acf_changed":false,"footnotes":""},"class_list":["post-28","page","type-page","status-publish","hentry"],"acf":[],"yoast_head":"<!-- This site is optimized with the Yoast SEO plugin v27.5 - https:\/\/yoast.com\/product\/yoast-seo-wordpress\/ -->\n<title>Visites groupes adultes dans le massif du Sancy, en Auvergne<\/title>\n<meta name=\"description\" content=\"Des visites groupes adultes dans le massif du Sancy, en Auvergne : le Sc\u00e9nomus\u00e9e La Toinette et Julien - Les Vir\u00e9es du Sancy, visites th\u00e9\u00e2tralis\u00e9es\" \/>\n<meta name=\"robots\" content=\"index, follow, max-snippet:-1, max-image-preview:large, max-video-preview:-1\" \/>\n<link rel=\"canonical\" href=\"https:\/\/groupes.virees-du-sancy.com\/fr\/visites-groupes-adultes\/\" \/>\n<meta property=\"og:locale\" content=\"fr_FR\" \/>\n<meta property=\"og:type\" content=\"article\" \/>\n<meta property=\"og:title\" content=\"Visites groupes adultes dans le massif du Sancy, en Auvergne\" \/>\n<meta property=\"og:description\" content=\"Des visites groupes adultes dans le massif du Sancy, en Auvergne : le Sc\u00e9nomus\u00e9e La Toinette et Julien - Les Vir\u00e9es du Sancy, visites th\u00e9\u00e2tralis\u00e9es\" \/>\n<meta property=\"og:url\" content=\"https:\/\/groupes.virees-du-sancy.com\/fr\/visites-groupes-adultes\/\" \/>\n<meta property=\"og:site_name\" content=\"Vir\u00e9es du Sancy - Mus\u00e9e Toinette &amp; Julien - Visites en Groupe\" \/>\n<meta property=\"article:modified_time\" content=\"2025-11-19T11:29:08+00:00\" \/>\n<meta property=\"og:image\" content=\"https:\/\/groupes.virees-du-sancy.com\/wp-content\/uploads\/sites\/3\/2022\/07\/MAISON-DE-LA-TOINETTE-maquette-300x225.jpg\" \/>\n<meta name=\"twitter:card\" content=\"summary_large_image\" \/>\n<meta name=\"twitter:label1\" content=\"Dur\u00e9e de lecture estim\u00e9e\" \/>\n\t<meta name=\"twitter:data1\" content=\"3 minutes\" \/>\n<script type=\"application\/ld+json\" class=\"yoast-schema-graph\">{\"@context\":\"https:\\\/\\\/schema.org\",\"@graph\":[{\"@type\":\"WebPage\",\"@id\":\"https:\\\/\\\/groupes.virees-du-sancy.com\\\/fr\\\/visites-groupes-adultes\\\/\",\"url\":\"https:\\\/\\\/groupes.virees-du-sancy.com\\\/fr\\\/visites-groupes-adultes\\\/\",\"name\":\"Visites groupes adultes dans le massif du Sancy, en Auvergne\",\"isPartOf\":{\"@id\":\"https:\\\/\\\/groupes.virees-du-sancy.com\\\/fr\\\/#website\"},\"primaryImageOfPage\":{\"@id\":\"https:\\\/\\\/groupes.virees-du-sancy.com\\\/fr\\\/visites-groupes-adultes\\\/#primaryimage\"},\"image\":{\"@id\":\"https:\\\/\\\/groupes.virees-du-sancy.com\\\/fr\\\/visites-groupes-adultes\\\/#primaryimage\"},\"thumbnailUrl\":\"https:\\\/\\\/groupes.virees-du-sancy.com\\\/wp-content\\\/uploads\\\/sites\\\/3\\\/2022\\\/07\\\/MAISON-DE-LA-TOINETTE-maquette-300x225.jpg\",\"datePublished\":\"2015-05-07T13:00:47+00:00\",\"dateModified\":\"2025-11-19T11:29:08+00:00\",\"description\":\"Des visites groupes adultes dans le massif du Sancy, en Auvergne : le Sc\u00e9nomus\u00e9e La Toinette et Julien - Les Vir\u00e9es du Sancy, visites th\u00e9\u00e2tralis\u00e9es\",\"breadcrumb\":{\"@id\":\"https:\\\/\\\/groupes.virees-du-sancy.com\\\/fr\\\/visites-groupes-adultes\\\/#breadcrumb\"},\"inLanguage\":\"fr-FR\",\"potentialAction\":[{\"@type\":\"ReadAction\",\"target\":[\"https:\\\/\\\/groupes.virees-du-sancy.com\\\/fr\\\/visites-groupes-adultes\\\/\"]}]},{\"@type\":\"ImageObject\",\"inLanguage\":\"fr-FR\",\"@id\":\"https:\\\/\\\/groupes.virees-du-sancy.com\\\/fr\\\/visites-groupes-adultes\\\/#primaryimage\",\"url\":\"https:\\\/\\\/groupes.virees-du-sancy.com\\\/wp-content\\\/uploads\\\/sites\\\/3\\\/2022\\\/07\\\/MAISON-DE-LA-TOINETTE-maquette-300x225.jpg\",\"contentUrl\":\"https:\\\/\\\/groupes.virees-du-sancy.com\\\/wp-content\\\/uploads\\\/sites\\\/3\\\/2022\\\/07\\\/MAISON-DE-LA-TOINETTE-maquette-300x225.jpg\"},{\"@type\":\"BreadcrumbList\",\"@id\":\"https:\\\/\\\/groupes.virees-du-sancy.com\\\/fr\\\/visites-groupes-adultes\\\/#breadcrumb\",\"itemListElement\":[{\"@type\":\"ListItem\",\"position\":1,\"name\":\"Accueil\",\"item\":\"https:\\\/\\\/groupes.virees-du-sancy.com\\\/fr\\\/\"},{\"@type\":\"ListItem\",\"position\":2,\"name\":\"Adultes\"}]},{\"@type\":\"WebSite\",\"@id\":\"https:\\\/\\\/groupes.virees-du-sancy.com\\\/fr\\\/#website\",\"url\":\"https:\\\/\\\/groupes.virees-du-sancy.com\\\/fr\\\/\",\"name\":\"Vir\u00e9es du Sancy - Mus\u00e9e Toinette &amp; Julien - Visites en Groupe\",\"description\":\"Venez faire un voyage dans le temps ! Visites guid\u00e9es touristiques \u00e0 Murat-le-Quaire dans le Sancy en Auvergne\",\"potentialAction\":[{\"@type\":\"SearchAction\",\"target\":{\"@type\":\"EntryPoint\",\"urlTemplate\":\"https:\\\/\\\/groupes.virees-du-sancy.com\\\/fr\\\/?s={search_term_string}\"},\"query-input\":{\"@type\":\"PropertyValueSpecification\",\"valueRequired\":true,\"valueName\":\"search_term_string\"}}],\"inLanguage\":\"fr-FR\"}]}<\/script>\n<!-- \/ Yoast SEO plugin. -->","yoast_head_json":{"title":"Visites groupes adultes dans le massif du Sancy, en Auvergne","description":"Des visites groupes adultes dans le massif du Sancy, en Auvergne : le Sc\u00e9nomus\u00e9e La Toinette et Julien - Les Vir\u00e9es du Sancy, visites th\u00e9\u00e2tralis\u00e9es","robots":{"index":"index","follow":"follow","max-snippet":"max-snippet:-1","max-image-preview":"max-image-preview:large","max-video-preview":"max-video-preview:-1"},"canonical":"https:\/\/groupes.virees-du-sancy.com\/fr\/visites-groupes-adultes\/","og_locale":"fr_FR","og_type":"article","og_title":"Visites groupes adultes dans le massif du Sancy, en Auvergne","og_description":"Des visites groupes adultes dans le massif du Sancy, en Auvergne : le Sc\u00e9nomus\u00e9e La Toinette et Julien - Les Vir\u00e9es du Sancy, visites th\u00e9\u00e2tralis\u00e9es","og_url":"https:\/\/groupes.virees-du-sancy.com\/fr\/visites-groupes-adultes\/","og_site_name":"Vir\u00e9es du Sancy - Mus\u00e9e Toinette &amp; Julien - Visites en Groupe","article_modified_time":"2025-11-19T11:29:08+00:00","og_image":[{"url":"https:\/\/groupes.virees-du-sancy.com\/wp-content\/uploads\/sites\/3\/2022\/07\/MAISON-DE-LA-TOINETTE-maquette-300x225.jpg","type":"","width":"","height":""}],"twitter_card":"summary_large_image","twitter_misc":{"Dur\u00e9e de lecture estim\u00e9e":"3 minutes"},"schema":{"@context":"https:\/\/schema.org","@graph":[{"@type":"WebPage","@id":"https:\/\/groupes.virees-du-sancy.com\/fr\/visites-groupes-adultes\/","url":"https:\/\/groupes.virees-du-sancy.com\/fr\/visites-groupes-adultes\/","name":"Visites groupes adultes dans le massif du Sancy, en Auvergne","isPartOf":{"@id":"https:\/\/groupes.virees-du-sancy.com\/fr\/#website"},"primaryImageOfPage":{"@id":"https:\/\/groupes.virees-du-sancy.com\/fr\/visites-groupes-adultes\/#primaryimage"},"image":{"@id":"https:\/\/groupes.virees-du-sancy.com\/fr\/visites-groupes-adultes\/#primaryimage"},"thumbnailUrl":"https:\/\/groupes.virees-du-sancy.com\/wp-content\/uploads\/sites\/3\/2022\/07\/MAISON-DE-LA-TOINETTE-maquette-300x225.jpg","datePublished":"2015-05-07T13:00:47+00:00","dateModified":"2025-11-19T11:29:08+00:00","description":"Des visites groupes adultes dans le massif du Sancy, en Auvergne : le Sc\u00e9nomus\u00e9e La Toinette et Julien - Les Vir\u00e9es du Sancy, visites th\u00e9\u00e2tralis\u00e9es","breadcrumb":{"@id":"https:\/\/groupes.virees-du-sancy.com\/fr\/visites-groupes-adultes\/#breadcrumb"},"inLanguage":"fr-FR","potentialAction":[{"@type":"ReadAction","target":["https:\/\/groupes.virees-du-sancy.com\/fr\/visites-groupes-adultes\/"]}]},{"@type":"ImageObject","inLanguage":"fr-FR","@id":"https:\/\/groupes.virees-du-sancy.com\/fr\/visites-groupes-adultes\/#primaryimage","url":"https:\/\/groupes.virees-du-sancy.com\/wp-content\/uploads\/sites\/3\/2022\/07\/MAISON-DE-LA-TOINETTE-maquette-300x225.jpg","contentUrl":"https:\/\/groupes.virees-du-sancy.com\/wp-content\/uploads\/sites\/3\/2022\/07\/MAISON-DE-LA-TOINETTE-maquette-300x225.jpg"},{"@type":"BreadcrumbList","@id":"https:\/\/groupes.virees-du-sancy.com\/fr\/visites-groupes-adultes\/#breadcrumb","itemListElement":[{"@type":"ListItem","position":1,"name":"Accueil","item":"https:\/\/groupes.virees-du-sancy.com\/fr\/"},{"@type":"ListItem","position":2,"name":"Adultes"}]},{"@type":"WebSite","@id":"https:\/\/groupes.virees-du-sancy.com\/fr\/#website","url":"https:\/\/groupes.virees-du-sancy.com\/fr\/","name":"Vir\u00e9es du Sancy - Mus\u00e9e Toinette &amp; Julien - Visites en Groupe","description":"Venez faire un voyage dans le temps ! Visites guid\u00e9es touristiques \u00e0 Murat-le-Quaire dans le Sancy en Auvergne","potentialAction":[{"@type":"SearchAction","target":{"@type":"EntryPoint","urlTemplate":"https:\/\/groupes.virees-du-sancy.com\/fr\/?s={search_term_string}"},"query-input":{"@type":"PropertyValueSpecification","valueRequired":true,"valueName":"search_term_string"}}],"inLanguage":"fr-FR"}]}},"_links":{"self":[{"href":"https:\/\/groupes.virees-du-sancy.com\/fr\/wp-json\/wp\/v2\/pages\/28","targetHints":{"allow":["GET"]}}],"collection":[{"href":"https:\/\/groupes.virees-du-sancy.com\/fr\/wp-json\/wp\/v2\/pages"}],"about":[{"href":"https:\/\/groupes.virees-du-sancy.com\/fr\/wp-json\/wp\/v2\/types\/page"}],"author":[{"embeddable":true,"href":"https:\/\/groupes.virees-du-sancy.com\/fr\/wp-json\/wp\/v2\/users\/3"}],"replies":[{"embeddable":true,"href":"https:\/\/groupes.virees-du-sancy.com\/fr\/wp-json\/wp\/v2\/comments?post=28"}],"version-history":[{"count":47,"href":"https:\/\/groupes.virees-du-sancy.com\/fr\/wp-json\/wp\/v2\/pages\/28\/revisions"}],"predecessor-version":[{"id":1459,"href":"https:\/\/groupes.virees-du-sancy.com\/fr\/wp-json\/wp\/v2\/pages\/28\/revisions\/1459"}],"wp:attachment":[{"href":"https:\/\/groupes.virees-du-sancy.com\/fr\/wp-json\/wp\/v2\/media?parent=28"}],"curies":[{"name":"wp","href":"https:\/\/api.w.org\/{rel}","templated":true}]}}