{"id":885,"date":"2020-08-17T14:48:07","date_gmt":"2020-08-17T13:48:07","guid":{"rendered":"https:\/\/www.groupes.virees-du-sancy.com\/?page_id=885"},"modified":"2020-08-17T14:48:08","modified_gmt":"2020-08-17T13:48:08","slug":"politique-de-confidentialite","status":"publish","type":"page","link":"https:\/\/groupes.virees-du-sancy.com\/fr\/politique-de-confidentialite\/","title":{"rendered":"Politique de confidentialit\u00e9"},"content":{"rendered":"\n<p><span style=\"font-weight: 400;\">Dans le cadre de son activit\u00e9, l&rsquo;association Art et Traditions des Monts Dore est amen\u00e9e \u00e0 traiter des informations vous concernant. L&rsquo;association Art et Traditions des Monts Dore attache une grande importance \u00e0 la protection des donn\u00e9es \u00e0 caract\u00e8re personnel et de la vie priv\u00e9e des visiteurs de son site internet.<\/span><\/p>\n<p><span style=\"font-weight: 400;\">A cette fin, l&rsquo;association Art et Traditions des Monts Dore s\u2019engage \u00e0 proc\u00e9der aux traitements de ces donn\u00e9es \u00e0 caract\u00e8re personnel conform\u00e9ment aux lois et r\u00e9glementations applicables dont en particulier le R\u00e8glement europ\u00e9en G\u00e9n\u00e9ral sur la Protection des Donn\u00e9es, dit \u00ab RGPD \u00bb ou \u00ab GDPR \u00bb.<\/span><\/p>\n<p><span style=\"font-weight: 400;\">La pr\u00e9sente Politique de Confidentialit\u00e9 expose la mani\u00e8re dont l&rsquo;association Art et Traditions des Monts Dore collecte et traite des donn\u00e9es vous concernant dans le cadre de votre navigation sur le site virees-du-sancy.com<\/span><\/p>\n<p><span style=\"font-weight: 400;\">Si ces informations ne suffisaient pas \u00e0 r\u00e9pondre \u00e0 toutes vos questions, nous vous invitons \u00e0 nous contacter \u00e0 l\u2019adresse suivante : info@virees-du-sancy.com.<\/span><\/p>\n<p>\u00a0<\/p>\n<h3><span style=\"font-weight: 400;\">1. Qu\u2019est-ce qu\u2019une donn\u00e9e \u00e0 caract\u00e8re personnel ?<\/span><\/h3>\n<p><span style=\"font-weight: 400;\">Les donn\u00e9es \u00e0 caract\u00e8re personnel d\u00e9signent toutes informations se rapportant \u00e0 une personne physique identifi\u00e9e ou identifiable (appel\u00e9e \u00ab personne concern\u00e9e \u00bb).<\/span><\/p>\n<p><span style=\"font-weight: 400;\">Dans le cadre du site web virees-du-sancy.com, les personnes concern\u00e9es sont les visiteurs du site.<\/span><\/p>\n<p><span style=\"font-weight: 400;\">Les donn\u00e9es \u00e0 caract\u00e8re personnel concern\u00e9es par la pr\u00e9sente Politique de Confidentialit\u00e9 sont donc toutes donn\u00e9es se rapportant \u00e0 ces personnes, dans la mesure o\u00f9 elles sont identifi\u00e9es ou identifiables, par exemple au moyen de l\u2019adresse IP de leur terminal.<\/span><\/p>\n<p><span style=\"font-weight: 400;\">Les traitements de donn\u00e9es \u00e0 caract\u00e8re personnel sont soumis \u00e0 un cadre l\u00e9gal et r\u00e9glementaire sp\u00e9cifique, constitu\u00e9 pour la France essentiellement par le RGPD et la loi dite \u00ab Informatique et Libert\u00e9s \u00bb du 6 janvier 1978.<\/span><\/p>\n<p>\u00a0<\/p>\n<h3><span style=\"font-weight: 400;\">2. Quelles donn\u00e9es \u00e0 caract\u00e8re personnel sont collect\u00e9es, pour quelles finalit\u00e9s, et sur quelle base l\u00e9gale ?<\/span><\/h3>\n<p><span style=\"font-weight: 400;\">l&rsquo;association Art et Traditions des Monts Dore collecte des donn\u00e9es \u00e0 caract\u00e8re personnel vous concernant dans les cas suivants :<\/span><\/p>\n<h4><span style=\"font-weight: 400;\">2.1 Lors de votre navigation sur le site Internet virees-du-sancy.com<\/span><\/h4>\n<p><span style=\"font-weight: 400;\">Lors de votre navigation sur le site virees-du-sancy.com, l&rsquo;association Art et Traditions des Monts Dore collecte, par l\u2019interm\u00e9diaire de ses serveurs, les donn\u00e9es suivantes :<\/span><\/p>\n<ul>\n<li style=\"font-weight: 400;\"><span style=\"font-weight: 400;\">L\u2019adresse IP et\/ou MAC de votre terminal ;<\/span><\/li>\n<li style=\"font-weight: 400;\"><span style=\"font-weight: 400;\">Le type de votre terminal ;<\/span><\/li>\n<li style=\"font-weight: 400;\"><span style=\"font-weight: 400;\">La version de votre logiciel de navigation ;<\/span><\/li>\n<\/ul>\n<p><span style=\"font-weight: 400;\">Ces donn\u00e9es sont collect\u00e9es et trait\u00e9es aux fins de permettre le bon affichage du site Internet virees-du-sancy.com sur votre terminal. Ce traitement est fond\u00e9 sur la n\u00e9cessit\u00e9 de sa mise en \u0153uvre pour l\u2019ex\u00e9cution d\u2019un contrat auquel le visiteur fait partie, \u00e0 savoir les conditions d\u2019utilisation du site Internet virees-du-sancy.com.<\/span><\/p>\n<p><span style=\"font-weight: 400;\">Si vous avez consenti \u00e0 l\u2019utilisation des cookies correspondants ainsi que d\u00e9crit \u00e0 l\u2019article 4 ci-apr\u00e8s ainsi que dans l\u2019onglet Cookies, l&rsquo;association Art et Traditions des Monts Dore pourra \u00e9galement collecter des donn\u00e9es vous concernant relatives \u00e0 votre navigation sur le site par l\u2019interm\u00e9diaire de ces cookies, lors de votre navigation sur les diff\u00e9rentes pages et contenus du site des donn\u00e9es, telles que les pages visit\u00e9es ou les contenus consult\u00e9s.<\/span><\/p>\n<p><span style=\"font-weight: 400;\">Ces donn\u00e9es de navigation sont notamment collect\u00e9es et trait\u00e9es aux fins de mesurer l\u2019audience des pages et contenus du site virees-du-sancy.com. Ce traitement est fond\u00e9 sur l\u2019int\u00e9r\u00eat l\u00e9gitime de l&rsquo;association Art et Traditions des Monts Dore, consistant \u00e0 mieux conna\u00eetre la fr\u00e9quentation du site web virees-du-sancy.com.<\/span><\/p>\n<h4><span style=\"font-weight: 400;\">2.2 Lors de votre utilisation des formulaires sur le site virees-du-sancy.com<\/span><\/h4>\n<p><span style=\"font-weight: 400;\">Lorsque vous utilisez un formulaire, l&rsquo;association Art et Traditions des Monts Dore collecte, par l\u2019interm\u00e9diaire de celui-ci, les donn\u00e9es suivantes :<\/span><\/p>\n<ul>\n<li style=\"font-weight: 400;\"><span style=\"font-weight: 400;\">Formulaire de contact<\/span><\/li>\n<li style=\"font-weight: 400;\"><span style=\"font-weight: 400;\">Motif du contact<\/span><\/li>\n<li style=\"font-weight: 400;\"><span style=\"font-weight: 400;\">Votre civilit\u00e9, nom, pr\u00e9nom ;<\/span><\/li>\n<li style=\"font-weight: 400;\"><span style=\"font-weight: 400;\">Votre adresse \u00e9lectronique ;<\/span><\/li>\n<li style=\"font-weight: 400;\"><span style=\"font-weight: 400;\">Nom de l\u2019entreprise le cas \u00e9ch\u00e9ant<\/span><\/li>\n<li style=\"font-weight: 400;\"><span style=\"font-weight: 400;\">Pr\u00e9cisions ;<\/span><\/li>\n<\/ul>\n<p><span style=\"font-weight: 400;\">Ces donn\u00e9es sont collect\u00e9es et trait\u00e9es aux fins pour l&rsquo;association Art et Traditions des Monts Dore de recevoir et traiter votre demande de contact, et de vous apporter une r\u00e9ponse le cas \u00e9ch\u00e9ant. Ce traitement est fond\u00e9 sur votre consentement, tel que manifest\u00e9 par votre clic sur le bouton \u00ab validation \u00bb du formulaire.<\/span><\/p>\n<p><span style=\"font-weight: 400;\">Dans le cas o\u00f9 vous entreriez dans le champ de saisie du message des donn\u00e9es susceptibles d\u2019\u00eatre qualifi\u00e9es de \u00ab donn\u00e9es sensibles \u00bb au regard de la r\u00e9glementation applicable, vous consentez explicitement, en cliquant sur le bouton d\u2019envoi du formulaire, \u00e0 ce que l&rsquo;association Art et Traditions des Monts Dore puisse recevoir ces donn\u00e9es et les traiter afin de vous r\u00e9pondre.<\/span><\/p>\n<p><span style=\"font-weight: 400;\">Il est entendu que le l&rsquo;association Art et Traditions des Monts Dore ne requiert ni n\u2019incite en aucun cas les visiteurs de son site \u00e0 communiquer des donn\u00e9es dites \u00ab sensibles \u00bb dans le cadre du formulaire de contact.<\/span><\/p>\n<p>\u00a0<\/p>\n<h3><span style=\"font-weight: 400;\">3. Qui est le responsable de ces traitements de donn\u00e9es \u00e0 caract\u00e8re personnel, et comment le contacter ?<\/span><\/h3>\n<p><span style=\"font-weight: 400;\">Le responsable de ces traitements de donn\u00e9es \u00e0 caract\u00e8re personnel est Margerie CAMPAGNE, qui \u00e9dite le site internet l&rsquo;association Art et Traditions des Monts Dore.<\/span><\/p>\n<p><span style=\"font-weight: 400;\">Pour toute question relative \u00e0 la pr\u00e9sente Politique de Confidentialit\u00e9, aux traitements de donn\u00e9es \u00e0 caract\u00e8re personnel mis en \u0153uvre, ou de fa\u00e7on g\u00e9n\u00e9rale \u00e0 la protection des donn\u00e9es \u00e0 caract\u00e8re personnel et de la vie priv\u00e9e au sein de l&rsquo;association Art et Traditions des Monts Dore., vous pouvez nous contacter \u00e0 l\u2019adresse suivante : info@virees-du-sancy.com.<\/span><\/p>\n<p>\u00a0<\/p>\n<h3><span style=\"font-weight: 400;\">4. Avec qui les donn\u00e9es sont-elles partag\u00e9es ?<\/span><\/h3>\n<p><span style=\"font-weight: 400;\">Les donn\u00e9es \u00e0 caract\u00e8re personnel collect\u00e9es et trait\u00e9es ainsi qu\u2019expos\u00e9 \u00e0 l\u2019article 2 ci-avant sont utilis\u00e9s par les services comp\u00e9tents au sein d\u2019l&rsquo;association Art et Traditions des Monts Dore.<\/span><\/p>\n<p>\u00a0<\/p>\n<h3><span style=\"font-weight: 400;\">5. Pour quelle dur\u00e9e les donn\u00e9es sont-elles conserv\u00e9es ?<\/span><\/h3>\n<p><span style=\"font-weight: 400;\">Les donn\u00e9es \u00e0 caract\u00e8re personnel collect\u00e9es et list\u00e9es ainsi qu\u2019expos\u00e9 \u00e0 l\u2019article 2 ci-avant sont conserv\u00e9es par l&rsquo;association Art et Traditions des Monts Dore pour des dur\u00e9es n\u2019exc\u00e9dant pas l\u2019accomplissement des finalit\u00e9s d\u00e9crites \u00e0 cet article 2.<\/span><\/p>\n<p>\u00a0<\/p>\n<h3><span style=\"font-weight: 400;\">6. Le site web virees-du-sancy.com utilise-t-il des cookies et d\u2019autres technologies similaires ?<\/span><\/h3>\n<p><span style=\"font-weight: 400;\">Les cookies d\u00e9signent des fichiers informatiques de faible taille d\u00e9pos\u00e9s sur le terminal (par exemple : ordinateur, smartphone, tablette) d\u2019un visiteur dans le cadre de sa visite ou de son utilisation du site. Leurs utilisations sont vari\u00e9es, allant de la simple fonction technique pour permettre ou faciliter la navigation jusqu\u2019\u00e0 la collecte de donn\u00e9es relatives aux pr\u00e9f\u00e9rences du visiteur en vue de proposer une publicit\u00e9 personnalis\u00e9e.<\/span><\/p>\n<p><span style=\"font-weight: 400;\">Avec votre consentement, le site virees-du-sancy.com est susceptible d\u2019utiliser des cookies et\/ou d\u2019autres technologies \u00e9quivalentes aux fins de permettre et faciliter votre navigation, ainsi qu\u2019aux fins de permettre \u00e0 l&rsquo;association Art et Traditions des Monts Dore de mesurer les audiences de ses pages et contenus, et aux fins de personnaliser les contenus publicitaires affich\u00e9s sur le site virees-du-sancy.com.<\/span><\/p>\n<p><span style=\"font-weight: 400;\">Vous pouvez vous opposer au stockage de ces cookies sur votre terminal, ainsi qu\u2019\u00e0 la lecture de ces cookies, en utilisant les param\u00e8tres de votre logiciel de navigation. Reportez-vous pour ce faire \u00e0 la documentation de ce logiciel.<\/span><\/p>\n<p><span style=\"font-weight: 400;\">Le site virees-du-sancy.com utilise \u00e9galement des cookies et\/ou d\u2019autres technologies \u00e9quivalentes aux seules fins, purement techniques, de permettre votre acc\u00e8s au site internet.<\/span><\/p>\n<p>\u00a0<\/p>\n<h3><span style=\"font-weight: 400;\">7. Vos droits<\/span><\/h3>\n<p><span style=\"font-weight: 400;\">En application des lois et r\u00e9glementations applicables en mati\u00e8re de protection des donn\u00e9es \u00e0 caract\u00e8re personnel, vous disposez des droits suivants concernant le traitement de vos donn\u00e9es \u00e0 caract\u00e8re personnel.<\/span><\/p>\n<p><span style=\"font-weight: 400;\">Vous pouvez les exercer en contactant\u00a0 l&rsquo;association Art et Traditions des Monts Dore \u00e0 l\u2019adresse suivante : Sc\u00e9nomus\u00e9e\u00ae La virees-du-sancy et Julien 63150 MURAT-LE-QUAIRE ou par mail \u00e0 : info@virees-du-sancy.com.<\/span><\/p>\n<p><span style=\"font-weight: 400;\">Ces droits \u00e9tant purement personnels, et ne pouvant par cons\u00e9quent \u00eatre exerc\u00e9s que par la personne concern\u00e9e elle-m\u00eame, merci de joindre \u00e0 votre demande, outre les motifs l\u00e9gitimes de celle-ci, une copie de votre pi\u00e8ce d\u2019identit\u00e9. Celle-ci ne sera pas conserv\u00e9e plus longtemps que le temps n\u00e9cessaire \u00e0 la v\u00e9rification de votre identit\u00e9.<\/span><\/p>\n<h4><span style=\"font-weight: 400;\">7.1 Droit d\u2019acc\u00e8s<\/span><\/h4>\n<p><span style=\"font-weight: 400;\">Vous pouvez acc\u00e9der \u00e0 vos donn\u00e9es \u00e0 caract\u00e8re personnel trait\u00e9es par l&rsquo;association Art et Traditions des Monts Dore. Dans l\u2019hypoth\u00e8se o\u00f9 demande lui en serait faite, l&rsquo;association Art et Traditions des Monts Dore vous fournira copie de vos donn\u00e9es \u00e0 caract\u00e8re personnel ainsi que des informations relatives au traitement de vos donn\u00e9es \u00e0 caract\u00e8re personnel par l&rsquo;association Art et Traditions des Monts Dore (finalit\u00e9s du traitement, cat\u00e9gories des destinataires, dur\u00e9e de conservation des donn\u00e9es \u00e0 caract\u00e8re personnel, etc.).<\/span><\/p>\n<h4><span style=\"font-weight: 400;\">7.2 Droit \u00e0 la portabilit\u00e9<\/span><\/h4>\n<p><span style=\"font-weight: 400;\">Pour ceux, parmi les traitements list\u00e9s \u00e0 l\u2019article 2 ci-avant, ayant pour base l\u00e9gale votre consentement ou l\u2019ex\u00e9cution d\u2019un contrat auquel vous \u00eates partie, vous disposez \u00e9galement du droit \u00e0 la portabilit\u00e9 de vos donn\u00e9es \u00e0 caract\u00e8re personnel.<\/span><\/p>\n<p><span style=\"font-weight: 400;\">Ce droit se distingue du droit d\u2019acc\u00e8s aux donn\u00e9es \u00e0 caract\u00e8re personnel dans la mesure o\u00f9 (i) il ne concerne que les donn\u00e9es que vous avez fournies \u00e0 l&rsquo;association Art et Traditions des Monts Dore et (ii) il permet d\u2019obtenir ces donn\u00e9es dans un format structur\u00e9 et lisible par machine.<\/span><\/p>\n<p><span style=\"font-weight: 400;\">Le droit \u00e0 la portabilit\u00e9 des donn\u00e9es \u00e0 caract\u00e8re personnel de la personne concern\u00e9e ouvre en sus la possibilit\u00e9 qu\u2019elles soient transmises \u00e0 un autre responsable de traitement de votre choix, sous r\u00e9serve que cela soit techniquement possible.<\/span><\/p>\n<h4><span style=\"font-weight: 400;\">7.3 Droit de rectification<\/span><\/h4>\n<p><span style=\"font-weight: 400;\">Vous pouvez demander \u00e0 corriger vos donn\u00e9es \u00e0 caract\u00e8re personnel si celles-ci se r\u00e9v\u00e8lent inexactes, incompl\u00e8tes ou obsol\u00e8tes.<\/span><\/p>\n<h4><span style=\"font-weight: 400;\">7.4 Droit \u00e0 l\u2019effacement<\/span><\/h4>\n<p><span style=\"font-weight: 400;\">Vous pouvez demander \u00e0 ce que vos donn\u00e9es \u00e0 caract\u00e8re personnel soient supprim\u00e9es dans les cas suivants :<\/span><\/p>\n<ul>\n<li style=\"font-weight: 400;\"><span style=\"font-weight: 400;\">Si vos donn\u00e9es \u00e0 caract\u00e8re personnel ne sont plus n\u00e9cessaires au regard des finalit\u00e9s pour lesquelles elles ont \u00e9t\u00e9 collect\u00e9es ou sont trait\u00e9es ;<\/span><\/li>\n<li style=\"font-weight: 400;\"><span style=\"font-weight: 400;\">Si vous avez retir\u00e9 votre consentement au traitement de vos donn\u00e9es \u00e0 caract\u00e8re personnel, sous r\u00e9serve que votre consentement pr\u00e9alable ait \u00e9t\u00e9 la base l\u00e9gale de leur collecte et leur traitement et qu\u2019il n\u2019existe pas d\u2019autre base l\u00e9gale les justifiant ;<\/span><\/li>\n<li style=\"font-weight: 400;\"><span style=\"font-weight: 400;\">Si vous vous \u00eates oppos\u00e9 \u00e0 la collecte ou au traitement de vos donn\u00e9es \u00e0 caract\u00e8re personnel conform\u00e9ment \u00e0 l\u2019article 7.5 ci-apr\u00e8s ;<\/span><\/li>\n<li style=\"font-weight: 400;\"><span style=\"font-weight: 400;\">Si le traitement de vos donn\u00e9es \u00e0 caract\u00e8re personnel est ill\u00e9gal ;<\/span><\/li>\n<li style=\"font-weight: 400;\"><span style=\"font-weight: 400;\">Si vos donn\u00e9es \u00e0 caract\u00e8re personnel doivent \u00eatre supprim\u00e9es pour que l&rsquo;association Art et Traditions des Monts Dore se conforme \u00e0 une obligation l\u00e9gale mise \u00e0 sa charge ; ou<\/span><\/li>\n<li style=\"font-weight: 400;\"><span style=\"font-weight: 400;\">Si vous \u00e9tiez mineur au moment de la collecte de vos donn\u00e9es \u00e0 caract\u00e8re personnel. Pour ce dernier cas de figure et sous r\u00e9serve que vous soyez mineur au moment de la demande, les titulaires de l\u2019exercice de l\u2019autorit\u00e9 parentale peuvent \u00e9galement formuler une demande de suppression de vos donn\u00e9es \u00e0 caract\u00e8re personnel aupr\u00e8s de l&rsquo;association Art et Traditions des Monts Dore.<\/span><\/li>\n<li style=\"font-weight: 400;\"><span style=\"font-weight: 400;\">Si vos donn\u00e9es ont \u00e9t\u00e9 communiqu\u00e9es \u00e0 des tiers, l&rsquo;association Art et Traditions des Monts Dore informera alors ces tiers de votre demande, dans la mesure du possible.<\/span><\/li>\n<\/ul>\n<h4><span style=\"font-weight: 400;\">7.5 Droit d\u2019opposition<\/span><\/h4>\n<p><span style=\"font-weight: 400;\">Sous r\u00e9serve d\u2019une justification l\u00e9gitime tenant \u00e0 la particularit\u00e9 de votre situation, vous pouvez vous opposer \u00e0 tout traitement de vos donn\u00e9es \u00e0 caract\u00e8re personnel lorsque vos donn\u00e9es \u00e0 caract\u00e8re personnel sont trait\u00e9es sur le fondement de la n\u00e9cessit\u00e9 de ce traitement pour l\u2019ex\u00e9cution d\u2019une mission d\u2019int\u00e9r\u00eat public ou de la poursuite de l\u2019int\u00e9r\u00eat l\u00e9gitime de l&rsquo;association Art et Traditions des Monts Dore ou d\u2019un tiers.<\/span><\/p>\n<p><span style=\"font-weight: 400;\">Vous pouvez \u00e9galement toujours vous opposer, sans obligation de motif, au traitement de vos donn\u00e9es \u00e0 caract\u00e8re personnel lorsqu\u2019il intervient \u00e0 des fins de prospection.<\/span><\/p>\n<h4><span style=\"font-weight: 400;\">7.6 Droit \u00e0 la limitation du traitement<\/span><\/h4>\n<p><span style=\"font-weight: 400;\">Vous pouvez demander la limitation du traitement de vos donn\u00e9es \u00e0 caract\u00e8re personnel dans les cas suivants :<\/span><\/p>\n<p><span style=\"font-weight: 400;\">Dans l\u2019hypoth\u00e8se o\u00f9 vous contesteriez l\u2019exactitude de vos donn\u00e9es \u00e0 caract\u00e8re personnel, et ce pour la dur\u00e9e n\u00e9cessaire \u00e0 l&rsquo;association Art et Traditions des Monts Dore pour la v\u00e9rifier ;<\/span><\/p>\n<ul>\n<li style=\"font-weight: 400;\"><span style=\"font-weight: 400;\">Si le traitement de vos donn\u00e9es \u00e0 caract\u00e8re personnel est illicite et que vous souhaitez le limiter plut\u00f4t que de demander la suppression de ces derni\u00e8res ;<\/span><\/li>\n<li style=\"font-weight: 400;\"><span style=\"font-weight: 400;\">Si vous souhaitez que l&rsquo;association Art et Traditions des Monts Dore conserve vos donn\u00e9es \u00e0 caract\u00e8re personnel lorsque celles-ci sont n\u00e9cessaires \u00e0 la constatation, l\u2019exercice ou la d\u00e9fense de vos droits en justice o\u00f9 ;<\/span><\/li>\n<li style=\"font-weight: 400;\"><span style=\"font-weight: 400;\">Si vous vous \u00eates oppos\u00e9 au traitement de vos donn\u00e9es \u00e0 caract\u00e8re personnel, pendant la p\u00e9riode au cours de laquelle l&rsquo;association Art et Traditions des Monts Dore v\u00e9rifie s\u2019il n\u2019a pas d\u2019autres motifs l\u00e9gitimes pr\u00e9pond\u00e9rants pour poursuivre leur traitement.<\/span><\/li>\n<\/ul>\n<p><span style=\"font-weight: 400;\">L&rsquo;association Art et Traditions des Monts Dore cessera alors de traiter les donn\u00e9es concern\u00e9es et les conservera pour la dur\u00e9e appropri\u00e9e.<\/span><\/p>\n<h4><span style=\"font-weight: 400;\">7.7 Droit de d\u00e9finir des directives relatives au sort des donn\u00e9es apr\u00e8s sa mort<\/span><\/h4>\n<p><span style=\"font-weight: 400;\">Vous pouvez indiquer \u00e0 l&rsquo;association Art et Traditions des Monts Dore des directives relatives au traitement de vos donn\u00e9es \u00e0 caract\u00e8re personnel apr\u00e8s votre d\u00e9c\u00e8s.<\/span><\/p>\n<h4><span style=\"font-weight: 400;\">7.8 Droit au retrait du consentement<\/span><\/h4>\n<p><span style=\"font-weight: 400;\">Pour tous les traitements, parmi ceux list\u00e9s \u00e0 l\u2019article 2 ci-avant, ayant pour fondement l\u00e9gal votre consentement, vous disposez du droit de retirer ce consentement \u00e0 tout moment, sans avoir \u00e0 en justifier aupr\u00e8s de l&rsquo;association Art et Traditions des Monts Dore.<\/span><\/p>\n<h4><span style=\"font-weight: 400;\">7.9 Droit d\u2019introduire une r\u00e9clamation aupr\u00e8s d\u2019une autorit\u00e9 de contr\u00f4le<\/span><\/h4>\n<p><span style=\"font-weight: 400;\">Vous disposez enfin du droit d\u2019introduire une r\u00e9clamation relative aux traitements de vos donn\u00e9es \u00e0 caract\u00e8re personnel mis en \u0153uvre par l&rsquo;association Art et Traditions des Monts Dore aupr\u00e8s de l\u2019autorit\u00e9 de contr\u00f4le comp\u00e9tente.<\/span><\/p>\n<p><span style=\"font-weight: 400;\">Pour la France, cette autorit\u00e9 de contr\u00f4le est la Commission Nationale de l\u2019Informatique et des Libert\u00e9s. Pour plus d\u2019informations sur cette derni\u00e8re et les moyens de la contacter, veuillez consulter le site www.cnil.fr.<\/span><\/p>\n<p>\u00a0<\/p>\n<h3><span style=\"font-weight: 400;\">8. Modification de la pr\u00e9sente Politique de Confidentialit\u00e9<\/span><\/h3>\n<p><span style=\"font-weight: 400;\">La pr\u00e9sente Politique de Confidentialit\u00e9 a \u00e9t\u00e9 mise \u00e0 jour pour la derni\u00e8re fois le 17\/08\/2020.<\/span><\/p>\n<p>\u00a0<\/p>\n","protected":false},"excerpt":{"rendered":"<p>Dans le cadre de son activit\u00e9, l&rsquo;association Art et Traditions des Monts Dore est amen\u00e9e \u00e0 traiter des informations vous concernant. L&rsquo;association Art et Traditions des Monts Dore attache une grande importance \u00e0 la protection des donn\u00e9es \u00e0 caract\u00e8re personnel et de la vie priv\u00e9e des visiteurs de son site internet. A cette fin, l&rsquo;association [&hellip;]<\/p>\n","protected":false},"author":2,"featured_media":0,"parent":0,"menu_order":0,"comment_status":"closed","ping_status":"closed","template":"","meta":{"_acf_changed":false,"footnotes":""},"class_list":["post-885","page","type-page","status-publish","hentry"],"acf":[],"yoast_head":"<!-- This site is optimized with the Yoast SEO plugin v27.5 - https:\/\/yoast.com\/product\/yoast-seo-wordpress\/ -->\n<title>Politique de confidentialit\u00e9 - Vir\u00e9es du Sancy - Mus\u00e9e Toinette &amp; Julien - Visites en Groupe<\/title>\n<meta name=\"robots\" content=\"index, follow, max-snippet:-1, max-image-preview:large, max-video-preview:-1\" \/>\n<link rel=\"canonical\" href=\"https:\/\/groupes.virees-du-sancy.com\/fr\/politique-de-confidentialite\/\" \/>\n<meta property=\"og:locale\" content=\"fr_FR\" \/>\n<meta property=\"og:type\" content=\"article\" \/>\n<meta property=\"og:title\" content=\"Politique de confidentialit\u00e9 - Vir\u00e9es du Sancy - Mus\u00e9e Toinette &amp; Julien - Visites en Groupe\" \/>\n<meta property=\"og:description\" content=\"Dans le cadre de son activit\u00e9, l&rsquo;association Art et Traditions des Monts Dore est amen\u00e9e \u00e0 traiter des informations vous concernant. L&rsquo;association Art et Traditions des Monts Dore attache une grande importance \u00e0 la protection des donn\u00e9es \u00e0 caract\u00e8re personnel et de la vie priv\u00e9e des visiteurs de son site internet. A cette fin, l&rsquo;association [&hellip;]\" \/>\n<meta property=\"og:url\" content=\"https:\/\/groupes.virees-du-sancy.com\/fr\/politique-de-confidentialite\/\" \/>\n<meta property=\"og:site_name\" content=\"Vir\u00e9es du Sancy - Mus\u00e9e Toinette &amp; Julien - Visites en Groupe\" \/>\n<meta property=\"article:modified_time\" content=\"2020-08-17T13:48:08+00:00\" \/>\n<meta name=\"twitter:card\" content=\"summary_large_image\" \/>\n<meta name=\"twitter:label1\" content=\"Dur\u00e9e de lecture estim\u00e9e\" \/>\n\t<meta name=\"twitter:data1\" content=\"12 minutes\" \/>\n<script type=\"application\/ld+json\" class=\"yoast-schema-graph\">{\"@context\":\"https:\\\/\\\/schema.org\",\"@graph\":[{\"@type\":\"WebPage\",\"@id\":\"https:\\\/\\\/groupes.virees-du-sancy.com\\\/fr\\\/politique-de-confidentialite\\\/\",\"url\":\"https:\\\/\\\/groupes.virees-du-sancy.com\\\/fr\\\/politique-de-confidentialite\\\/\",\"name\":\"Politique de confidentialit\u00e9 - Vir\u00e9es du Sancy - Mus\u00e9e Toinette &amp; Julien - Visites en Groupe\",\"isPartOf\":{\"@id\":\"https:\\\/\\\/groupes.virees-du-sancy.com\\\/fr\\\/#website\"},\"datePublished\":\"2020-08-17T13:48:07+00:00\",\"dateModified\":\"2020-08-17T13:48:08+00:00\",\"breadcrumb\":{\"@id\":\"https:\\\/\\\/groupes.virees-du-sancy.com\\\/fr\\\/politique-de-confidentialite\\\/#breadcrumb\"},\"inLanguage\":\"fr-FR\",\"potentialAction\":[{\"@type\":\"ReadAction\",\"target\":[\"https:\\\/\\\/groupes.virees-du-sancy.com\\\/fr\\\/politique-de-confidentialite\\\/\"]}]},{\"@type\":\"BreadcrumbList\",\"@id\":\"https:\\\/\\\/groupes.virees-du-sancy.com\\\/fr\\\/politique-de-confidentialite\\\/#breadcrumb\",\"itemListElement\":[{\"@type\":\"ListItem\",\"position\":1,\"name\":\"Accueil\",\"item\":\"https:\\\/\\\/groupes.virees-du-sancy.com\\\/fr\\\/\"},{\"@type\":\"ListItem\",\"position\":2,\"name\":\"Politique de confidentialit\u00e9\"}]},{\"@type\":\"WebSite\",\"@id\":\"https:\\\/\\\/groupes.virees-du-sancy.com\\\/fr\\\/#website\",\"url\":\"https:\\\/\\\/groupes.virees-du-sancy.com\\\/fr\\\/\",\"name\":\"Vir\u00e9es du Sancy - Mus\u00e9e Toinette &amp; Julien - Visites en Groupe\",\"description\":\"Venez faire un voyage dans le temps ! Visites guid\u00e9es touristiques \u00e0 Murat-le-Quaire dans le Sancy en Auvergne\",\"potentialAction\":[{\"@type\":\"SearchAction\",\"target\":{\"@type\":\"EntryPoint\",\"urlTemplate\":\"https:\\\/\\\/groupes.virees-du-sancy.com\\\/fr\\\/?s={search_term_string}\"},\"query-input\":{\"@type\":\"PropertyValueSpecification\",\"valueRequired\":true,\"valueName\":\"search_term_string\"}}],\"inLanguage\":\"fr-FR\"}]}<\/script>\n<!-- \/ Yoast SEO plugin. -->","yoast_head_json":{"title":"Politique de confidentialit\u00e9 - Vir\u00e9es du Sancy - Mus\u00e9e Toinette &amp; Julien - Visites en Groupe","robots":{"index":"index","follow":"follow","max-snippet":"max-snippet:-1","max-image-preview":"max-image-preview:large","max-video-preview":"max-video-preview:-1"},"canonical":"https:\/\/groupes.virees-du-sancy.com\/fr\/politique-de-confidentialite\/","og_locale":"fr_FR","og_type":"article","og_title":"Politique de confidentialit\u00e9 - Vir\u00e9es du Sancy - Mus\u00e9e Toinette &amp; Julien - Visites en Groupe","og_description":"Dans le cadre de son activit\u00e9, l&rsquo;association Art et Traditions des Monts Dore est amen\u00e9e \u00e0 traiter des informations vous concernant. L&rsquo;association Art et Traditions des Monts Dore attache une grande importance \u00e0 la protection des donn\u00e9es \u00e0 caract\u00e8re personnel et de la vie priv\u00e9e des visiteurs de son site internet. A cette fin, l&rsquo;association [&hellip;]","og_url":"https:\/\/groupes.virees-du-sancy.com\/fr\/politique-de-confidentialite\/","og_site_name":"Vir\u00e9es du Sancy - Mus\u00e9e Toinette &amp; Julien - Visites en Groupe","article_modified_time":"2020-08-17T13:48:08+00:00","twitter_card":"summary_large_image","twitter_misc":{"Dur\u00e9e de lecture estim\u00e9e":"12 minutes"},"schema":{"@context":"https:\/\/schema.org","@graph":[{"@type":"WebPage","@id":"https:\/\/groupes.virees-du-sancy.com\/fr\/politique-de-confidentialite\/","url":"https:\/\/groupes.virees-du-sancy.com\/fr\/politique-de-confidentialite\/","name":"Politique de confidentialit\u00e9 - Vir\u00e9es du Sancy - Mus\u00e9e Toinette &amp; Julien - Visites en Groupe","isPartOf":{"@id":"https:\/\/groupes.virees-du-sancy.com\/fr\/#website"},"datePublished":"2020-08-17T13:48:07+00:00","dateModified":"2020-08-17T13:48:08+00:00","breadcrumb":{"@id":"https:\/\/groupes.virees-du-sancy.com\/fr\/politique-de-confidentialite\/#breadcrumb"},"inLanguage":"fr-FR","potentialAction":[{"@type":"ReadAction","target":["https:\/\/groupes.virees-du-sancy.com\/fr\/politique-de-confidentialite\/"]}]},{"@type":"BreadcrumbList","@id":"https:\/\/groupes.virees-du-sancy.com\/fr\/politique-de-confidentialite\/#breadcrumb","itemListElement":[{"@type":"ListItem","position":1,"name":"Accueil","item":"https:\/\/groupes.virees-du-sancy.com\/fr\/"},{"@type":"ListItem","position":2,"name":"Politique de confidentialit\u00e9"}]},{"@type":"WebSite","@id":"https:\/\/groupes.virees-du-sancy.com\/fr\/#website","url":"https:\/\/groupes.virees-du-sancy.com\/fr\/","name":"Vir\u00e9es du Sancy - Mus\u00e9e Toinette &amp; Julien - Visites en Groupe","description":"Venez faire un voyage dans le temps ! Visites guid\u00e9es touristiques \u00e0 Murat-le-Quaire dans le Sancy en Auvergne","potentialAction":[{"@type":"SearchAction","target":{"@type":"EntryPoint","urlTemplate":"https:\/\/groupes.virees-du-sancy.com\/fr\/?s={search_term_string}"},"query-input":{"@type":"PropertyValueSpecification","valueRequired":true,"valueName":"search_term_string"}}],"inLanguage":"fr-FR"}]}},"_links":{"self":[{"href":"https:\/\/groupes.virees-du-sancy.com\/fr\/wp-json\/wp\/v2\/pages\/885","targetHints":{"allow":["GET"]}}],"collection":[{"href":"https:\/\/groupes.virees-du-sancy.com\/fr\/wp-json\/wp\/v2\/pages"}],"about":[{"href":"https:\/\/groupes.virees-du-sancy.com\/fr\/wp-json\/wp\/v2\/types\/page"}],"author":[{"embeddable":true,"href":"https:\/\/groupes.virees-du-sancy.com\/fr\/wp-json\/wp\/v2\/users\/2"}],"replies":[{"embeddable":true,"href":"https:\/\/groupes.virees-du-sancy.com\/fr\/wp-json\/wp\/v2\/comments?post=885"}],"version-history":[{"count":1,"href":"https:\/\/groupes.virees-du-sancy.com\/fr\/wp-json\/wp\/v2\/pages\/885\/revisions"}],"predecessor-version":[{"id":886,"href":"https:\/\/groupes.virees-du-sancy.com\/fr\/wp-json\/wp\/v2\/pages\/885\/revisions\/886"}],"wp:attachment":[{"href":"https:\/\/groupes.virees-du-sancy.com\/fr\/wp-json\/wp\/v2\/media?parent=885"}],"curies":[{"name":"wp","href":"https:\/\/api.w.org\/{rel}","templated":true}]}}